{"id":18,"date":"2016-03-11T10:50:38","date_gmt":"2016-03-11T08:50:38","guid":{"rendered":"https:\/\/grosseselhoferkg.de\/wordpress\/index.php\/2016\/03\/11\/termine\/"},"modified":"2023-04-09T12:48:35","modified_gmt":"2023-04-09T10:48:35","slug":"termine","status":"publish","type":"page","link":"https:\/\/grosse-selhofer-kg.de\/index.php\/termine\/","title":{"rendered":"Termine"},"content":{"rendered":"<p>Unsere Termine:<\/p>\n<p>(\u00c4nderungen vorbehalten) <em>Aktualisiert : 19.01.2017<\/em><\/p>\n<table style=\"height: 857px; width: 564px;\">\n<tbody>\n<tr>\n<td style=\"width: 71.2px;\">Datum:<\/td>\n<td style=\"width: 141.8px;\">Event:<\/td>\n<td style=\"width: 147px;\">Uhrzeit\/Adresse<\/td>\n<td style=\"width: 122px;\">Kontakt:<\/td>\n<\/tr>\n<tr>\n<td style=\"width: 71.2px;\">Samstag, den 28.01.2017<\/td>\n<td style=\"width: 141.8px;\">\n<p>Gro\u00dfe Prunksitzung<\/p>\n<p><strong>(Eintrittskarten k\u00f6nnen erst ab 1. November bestellt werden!)<\/strong><\/p>\n<\/td>\n<td style=\"width: 147px;\">Ab 20.11. Uhr in der Gastst\u00e4tte Kaiser, Selhofer Stra\u00dfe 42<\/td>\n<td style=\"width: 122px; text-align: center;\">\n<p>\u00a0<\/p>\n<p>\u00a0<\/p>\n<p><strong><span style=\"color: #800000;\">Ausverkauft!<\/span><\/strong><\/p>\n<\/td>\n<\/tr>\n<tr>\n<td style=\"width: 71.2px;\">Sonntag, den 12.02.2017<\/td>\n<td style=\"width: 141.8px;\">\n<p>Familiensitzung<\/p>\n<\/td>\n<td style=\"width: 147px;\">\n<p>15.00 Uhr im Kurhaus Bad Honnef<\/p>\n<\/td>\n<td style=\"width: 122px; text-align: center;\">\u00a0<\/td>\n<\/tr>\n<tr>\n<td style=\"width: 71.2px;\">\u00a0Sonntag, den 19.02.2017<\/td>\n<td style=\"width: 141.8px;\">K\u00f6lsche Me\u00df \/ anschl. Biwak<\/td>\n<td style=\"width: 147px;\">11.30 Uhr Beginn der Messe in der Pfarrkirche St. Johann Baptist in Bad Honnef<\/td>\n<td style=\"width: 122px;\">\u00a0<\/td>\n<\/tr>\n<tr>\n<td style=\"width: 71.2px;\">\u00a0Donnerstag, den 23.02.2017<\/td>\n<td style=\"width: 141.8px;\">\n<p>Weibersitzung<\/p>\n<p><strong>(Eintrittskarten k\u00f6nnen erst ab 1. November bestellt werden!)<\/strong><\/p>\n<\/td>\n<td style=\"width: 147px;\">\n<p>15.00 Uhr Beginn der Weibersitzung in der Gastst\u00e4tte Kaiser, Selhofer Stra\u00dfe 42<\/p>\n<\/td>\n<td style=\"width: 122px;\">\n<p>\u00a0Karten Bitte bei Claudia Meyer per Mail<\/p>\n<p><a href=\"mailto:karten@grosseselhoferkg.de\">karten@grosseselhoferkg.de<\/a><\/p>\n<p>bestellen!<\/p>\n<\/td>\n<\/tr>\n<tr>\n<td style=\"width: 71.2px;\">Freitag, den 24.02.2017<\/td>\n<td style=\"width: 141.8px;\">\n<p><span style=\"font-size: 12pt;\"><em><strong><span style=\"color: #0000ff;\">Selef singt !!!<\/span><\/strong><\/em><\/span><\/p>\n<\/td>\n<td style=\"width: 147px;\">\n<p>19.00 Uhr in der Gastst\u00e4tte Kaiser, Selhofer Stra\u00dfe 42<\/p>\n<\/td>\n<td style=\"width: 122px;\">\u00a0<\/td>\n<\/tr>\n<tr>\n<td style=\"width: 71.2px;\">\u00a0Samstag, den 25.02.2017<\/td>\n<td style=\"width: 141.8px;\">Marktschau<\/td>\n<td style=\"width: 147px;\">Ab 11.00 Uhr auf dem Rathausplatz\/Marktplatz in Bad Honnef<\/td>\n<td style=\"width: 122px;\">\u00a0<\/td>\n<\/tr>\n<tr>\n<td style=\"width: 71.2px;\">\n<p>\u00a0Sonntag, den 26.02.2017<\/p>\n<\/td>\n<td style=\"width: 141.8px;\">Karnevalszug Bad Honnef<\/td>\n<td style=\"width: 147px;\">Abfahrt 13.00 Uhr<\/td>\n<td style=\"width: 122px;\">\u00a0<\/td>\n<\/tr>\n<tr>\n<td style=\"width: 71.2px;\">\n<p>\u00a0Rosenmontag, den 27.02.2017<\/p>\n<\/td>\n<td style=\"width: 141.8px;\">\u00a0<\/p>\n<p>Kinderzug Selhof<\/p>\n<p>Kindersitzung<\/p>\n<p>(<strong>Eintrittskarten gibt es wieder zwei Wochen vorher z.B. beim B\u00e4cker Becker, &#8230;)<\/strong><\/p>\n<p>\u00a0<\/p>\n<\/td>\n<td style=\"width: 147px;\">\u00a0<\/p>\n<p>Abfahrt 13.00 Uhr in Selhof bei der Grundschule St.Martin<\/p>\n<p>anschl. Kindersitzung um 15.00 Uhr in der Gastst\u00e4tte Kaiser, Selhofer Stra\u00dfe 42<\/p>\n<\/td>\n<td style=\"width: 122px;\">\u00a0<\/td>\n<\/tr>\n<tr>\n<td style=\"width: 71.2px;\">\n<p>11.03.2017<\/p>\n<\/td>\n<td style=\"width: 141.8px;\">Fischessen<\/td>\n<td style=\"width: 147px;\">\n<p>19.30 Uhr<\/p>\n<p>in der Gastst\u00e4tte Kaiser, Selhofer Stra\u00dfe 42<\/p>\n<\/td>\n<td style=\"width: 122px;\">\u00a0<\/td>\n<\/tr>\n<tr>\n<td style=\"width: 71.2px;\">\n<p>07.04.2017<\/p>\n<\/td>\n<td style=\"width: 141.8px;\">Jahreshauptversammlung<\/td>\n<td style=\"width: 147px;\">\n<p>20.00 Uhr<\/p>\n<p>in der Gastst\u00e4tte Kaiser, Selhofer Stra\u00dfe 42<\/p>\n<\/td>\n<td style=\"width: 122px;\">\u00a0<\/td>\n<\/tr>\n<tr>\n<td style=\"width: 71.2px;\">\u00a025.05.2017 (Christi Himmelfahrt)<\/td>\n<td style=\"width: 141.8px;\">\u00a025.05.2017 (Christi Himmelfahrt)<\/td>\n<td style=\"width: 147px;\">\u00a0<\/p>\n<p>Der Weg ist noch nicht bestimmt! Start, wenn nichts anderes vorgesehen, ab 10.00 Uhr am Kapellchen auf der Selhofer Stra\u00dfe in Selhof.<\/p>\n<p>Im Anschluss der Wanderung treffen wir uns ab 12.00 Uhr zum gem\u00fctlichen Beisammensein mit Grillen, Kaffee&amp;Kuchen und Tombula auf dem Camping-Platz bei Mutter Veronica.<\/p>\n<\/td>\n<td style=\"width: 122px;\">\u00a0<\/td>\n<\/tr>\n<\/tbody>\n<\/table>\n","protected":false},"excerpt":{"rendered":"<p>Unsere Termine: (\u00c4nderungen vorbehalten) Aktualisiert : 19.01.2017 Datum: Event: Uhrzeit\/Adresse Kontakt: Samstag, den 28.01.2017 Gro\u00dfe Prunksitzung (Eintrittskarten k\u00f6nnen erst ab 1. November bestellt werden!) Ab 20.11. Uhr in der Gastst\u00e4tte [&hellip;]<\/p>\n","protected":false},"author":1,"featured_media":0,"parent":0,"menu_order":5,"comment_status":"open","ping_status":"closed","template":"","meta":{"_acf_changed":false,"footnotes":""},"class_list":["post-18","page","type-page","status-publish","czr-hentry"],"acf":[],"_links":{"self":[{"href":"https:\/\/grosse-selhofer-kg.de\/index.php\/wp-json\/wp\/v2\/pages\/18","targetHints":{"allow":["GET"]}}],"collection":[{"href":"https:\/\/grosse-selhofer-kg.de\/index.php\/wp-json\/wp\/v2\/pages"}],"about":[{"href":"https:\/\/grosse-selhofer-kg.de\/index.php\/wp-json\/wp\/v2\/types\/page"}],"author":[{"embeddable":true,"href":"https:\/\/grosse-selhofer-kg.de\/index.php\/wp-json\/wp\/v2\/users\/1"}],"replies":[{"embeddable":true,"href":"https:\/\/grosse-selhofer-kg.de\/index.php\/wp-json\/wp\/v2\/comments?post=18"}],"version-history":[{"count":1,"href":"https:\/\/grosse-selhofer-kg.de\/index.php\/wp-json\/wp\/v2\/pages\/18\/revisions"}],"predecessor-version":[{"id":345,"href":"https:\/\/grosse-selhofer-kg.de\/index.php\/wp-json\/wp\/v2\/pages\/18\/revisions\/345"}],"wp:attachment":[{"href":"https:\/\/grosse-selhofer-kg.de\/index.php\/wp-json\/wp\/v2\/media?parent=18"}],"curies":[{"name":"wp","href":"https:\/\/api.w.org\/{rel}","templated":true}]}}